{"id":87,"date":"2014-06-29T15:38:05","date_gmt":"2014-06-29T15:38:05","guid":{"rendered":"http:\/\/voyager3.com\/?page_id=87"},"modified":"2022-05-29T18:03:30","modified_gmt":"2022-05-29T16:03:30","slug":"voyage-au-fil-des-planetes","status":"publish","type":"page","link":"https:\/\/voyager3.com\/?page_id=87","title":{"rendered":"Voyage au fil des plan\u00e8tes"},"content":{"rendered":"<p style=\"text-align: center;\"><span style=\"color: #ff0000;\"><strong>D\u00e9couverte ludique du Syst\u00e8me Solaire<\/strong><\/span><\/p>\n<p style=\"text-align: center;\"><span style=\"color: #800080; font-size: 16pt;\"><em><a href=\"https:\/\/voyager3.com\/?page_id=87\">Voyage au fil des plan\u00e8tes<\/a> &#8211;\u00a0<a title=\"Making of\" href=\"https:\/\/voyager3.com\/?page_id=415\">Making of<\/a>\u00a0&#8211; <a href=\"https:\/\/voyager3.com\/wp-content\/uploads\/2015\/12\/voyage_au_fil_des_planetes.pdf\">Plaquette\u00a0PDF<\/a><\/em><\/span><\/p>\n<p style=\"margin: 0cm; margin-bottom: .0001pt;\"><span style=\"font-family: 'Verdana','sans-serif'; color: navy;\">Qui n&rsquo;a jamais r\u00eav\u00e9 de visiter ces mondes lointains ? De voyager de plan\u00e8te en plan\u00e8te !<\/span><\/p>\n<p style=\"margin: 0cm; margin-bottom: .0001pt;\"><span style=\"font-family: 'Verdana','sans-serif'; color: navy;\">A l&rsquo;occasion de l&rsquo;Ann\u00e9e Mondiale de l&rsquo;Astronomie, notre association a mis en place une maquette r\u00e9aliste permettant d&rsquo;effectuer un tel voyage&#8230; Tout en restant confortablement sur Terre.<\/span><\/p>\n<p style=\"margin: 0cm; margin-bottom: .0001pt;\"><span style=\"font-family: 'Verdana','sans-serif'; color: navy;\">Face \u00e0 l&rsquo;immensit\u00e9 de l&rsquo;Univers, seule notre imagination permet d&rsquo;entrevoir les dimensions des plan\u00e8tes et les distances les s\u00e9parant. Mais il est en r\u00e9alit\u00e9 extr\u00eamement difficile de se rendre compte de l&rsquo;\u00e9tendue gigantesque du Syst\u00e8me Solaire.<\/span><\/p>\n<p style=\"margin: 0cm; margin-bottom: .0001pt;\"><span style=\"font-family: 'Verdana','sans-serif'; color: navy;\">Cette maquette s&rsquo;adresse donc \u00e0 tous, petits et grands. Une randonn\u00e9e qui peut \u00eatre effectu\u00e9e en famille ou dans le cadre d&rsquo;une sortie scolaire. La maquette \u00e9tant permanente, chacun peut y acc\u00e9der librement \u00e0 tout moment.<\/span><\/p>\n<p style=\"margin: 0cm; margin-bottom: .0001pt;\"><span style=\"font-family: 'Verdana','sans-serif'; color: navy;\">A vocation p\u00e9dagogique, ce mini Syst\u00e8me Solaire permet d&rsquo;illustrer la d\u00e9couverte de notre syst\u00e8me plan\u00e9taire pr\u00e9sent\u00e9 en classes de CM. L&rsquo;organisation et l&rsquo;\u00e9tendue de celui-ci sont par ailleurs discut\u00e9es au coll\u00e8ge et au lyc\u00e9e.<\/span><\/p>\n<p style=\"margin: 0cm; margin-bottom: .0001pt;\"><span style=\"font-family: 'Verdana','sans-serif'; color: navy;\">La repr\u00e9sentation de chacune des plan\u00e8tes est accompagn\u00e9e d&rsquo;un panneau d\u00e9crivant les particularit\u00e9s de celle-ci et pr\u00e9cise la position des autres maquettes sur le territoire de la communaut\u00e9 de communes de Pont-Ch\u00e2teau &#8211; Saint-Gildas-des-bois.<\/span><\/p>\n<p><a href=\"https:\/\/i0.wp.com\/voyager3.com\/wp-content\/uploads\/2015\/02\/france.jpg?ssl=1\"><img data-recalc-dims=\"1\" loading=\"lazy\" decoding=\"async\" data-attachment-id=\"392\" data-permalink=\"https:\/\/voyager3.com\/?attachment_id=392\" data-orig-file=\"https:\/\/i0.wp.com\/voyager3.com\/wp-content\/uploads\/2015\/02\/france.jpg?fit=277%2C282&amp;ssl=1\" data-orig-size=\"277,282\" data-comments-opened=\"0\" data-image-meta=\"{&quot;aperture&quot;:&quot;0&quot;,&quot;credit&quot;:&quot;&quot;,&quot;camera&quot;:&quot;&quot;,&quot;caption&quot;:&quot;&quot;,&quot;created_timestamp&quot;:&quot;0&quot;,&quot;copyright&quot;:&quot;&quot;,&quot;focal_length&quot;:&quot;0&quot;,&quot;iso&quot;:&quot;0&quot;,&quot;shutter_speed&quot;:&quot;0&quot;,&quot;title&quot;:&quot;&quot;,&quot;orientation&quot;:&quot;0&quot;}\" data-image-title=\"france\" data-image-description=\"\" data-image-caption=\"\" data-large-file=\"https:\/\/i0.wp.com\/voyager3.com\/wp-content\/uploads\/2015\/02\/france.jpg?fit=277%2C282&amp;ssl=1\" class=\"wp-image-392 aligncenter\" src=\"https:\/\/i0.wp.com\/voyager3.com\/wp-content\/uploads\/2015\/02\/france.jpg?resize=479%2C487&#038;ssl=1\" alt=\"france\" width=\"479\" height=\"487\" \/><\/a><a href=\"https:\/\/i0.wp.com\/voyager3.com\/wp-content\/uploads\/2015\/02\/comcom.png?ssl=1\"><img data-recalc-dims=\"1\" loading=\"lazy\" decoding=\"async\" data-attachment-id=\"391\" data-permalink=\"https:\/\/voyager3.com\/?attachment_id=391\" data-orig-file=\"https:\/\/i0.wp.com\/voyager3.com\/wp-content\/uploads\/2015\/02\/comcom.png?fit=380%2C334&amp;ssl=1\" data-orig-size=\"380,334\" data-comments-opened=\"0\" data-image-meta=\"{&quot;aperture&quot;:&quot;0&quot;,&quot;credit&quot;:&quot;&quot;,&quot;camera&quot;:&quot;&quot;,&quot;caption&quot;:&quot;&quot;,&quot;created_timestamp&quot;:&quot;0&quot;,&quot;copyright&quot;:&quot;&quot;,&quot;focal_length&quot;:&quot;0&quot;,&quot;iso&quot;:&quot;0&quot;,&quot;shutter_speed&quot;:&quot;0&quot;,&quot;title&quot;:&quot;&quot;,&quot;orientation&quot;:&quot;0&quot;}\" data-image-title=\"comcom\" data-image-description=\"\" data-image-caption=\"\" data-large-file=\"https:\/\/i0.wp.com\/voyager3.com\/wp-content\/uploads\/2015\/02\/comcom.png?fit=380%2C334&amp;ssl=1\" class=\"wp-image-391 aligncenter\" src=\"https:\/\/i0.wp.com\/voyager3.com\/wp-content\/uploads\/2015\/02\/comcom.png?resize=473%2C416&#038;ssl=1\" alt=\"comcom\" width=\"473\" height=\"416\" srcset=\"https:\/\/i0.wp.com\/voyager3.com\/wp-content\/uploads\/2015\/02\/comcom.png?resize=300%2C264&amp;ssl=1 300w, https:\/\/i0.wp.com\/voyager3.com\/wp-content\/uploads\/2015\/02\/comcom.png?w=380&amp;ssl=1 380w\" sizes=\"auto, (max-width: 473px) 100vw, 473px\" \/><\/a><\/p>\n<p><span style=\"color: #000080;\">\u00c0 l&rsquo;\u00e9chelle de la maquette, une marche correspond \u00e0 un voyage \u00e0 la vitesse de la lumi\u00e8re !<\/span><\/p>\n<p style=\"text-align: center;\"><strong><span style=\"color: #000080;\">L&rsquo;histoire du projet et les \u00e9tapes de sa r\u00e9alisation sont pr\u00e9sent\u00e9es dans le \u00ab making of \u00bb.<\/span><\/strong><\/p>\n<h3><strong><span style=\"color: #000080;\">Ann\u00e9e mondiale de l&rsquo;astronomie : 2009, un double anniversaire !<\/span><\/strong><\/h3>\n<p><a href=\"https:\/\/i0.wp.com\/voyager3.com\/wp-content\/uploads\/2015\/02\/logoama09labelweb.jpg?ssl=1\"><img data-recalc-dims=\"1\" loading=\"lazy\" decoding=\"async\" data-attachment-id=\"451\" data-permalink=\"https:\/\/voyager3.com\/?attachment_id=451\" data-orig-file=\"https:\/\/i0.wp.com\/voyager3.com\/wp-content\/uploads\/2015\/02\/logoama09labelweb.jpg?fit=75%2C140&amp;ssl=1\" data-orig-size=\"75,140\" data-comments-opened=\"0\" data-image-meta=\"{&quot;aperture&quot;:&quot;0&quot;,&quot;credit&quot;:&quot;&quot;,&quot;camera&quot;:&quot;&quot;,&quot;caption&quot;:&quot;&quot;,&quot;created_timestamp&quot;:&quot;0&quot;,&quot;copyright&quot;:&quot;&quot;,&quot;focal_length&quot;:&quot;0&quot;,&quot;iso&quot;:&quot;0&quot;,&quot;shutter_speed&quot;:&quot;0&quot;,&quot;title&quot;:&quot;&quot;,&quot;orientation&quot;:&quot;0&quot;}\" data-image-title=\"logoama09labelweb\" data-image-description=\"\" data-image-caption=\"\" data-large-file=\"https:\/\/i0.wp.com\/voyager3.com\/wp-content\/uploads\/2015\/02\/logoama09labelweb.jpg?fit=75%2C140&amp;ssl=1\" class=\" wp-image-451 alignright\" src=\"https:\/\/i0.wp.com\/voyager3.com\/wp-content\/uploads\/2015\/02\/logoama09labelweb.jpg?resize=141%2C263&#038;ssl=1\" alt=\"logoama09labelweb\" width=\"141\" height=\"263\" \/><\/a><\/p>\n<p><span style=\"font-size: 14.0pt; font-family: 'Verdana','sans-serif'; color: navy;\">L&rsquo;ann\u00e9e 2009 sera sous le signe de l&rsquo;astronomie ! En effet, 2009 a \u00e9t\u00e9 d\u00e9clar\u00e9e Ann\u00e9e Mondiale de l&rsquo;Astronomie p<span style=\"color: #000080;\">ar l&rsquo;ONU,<\/span><\/span><span style=\"color: #000080;\">l&rsquo;UNESCO et l&rsquo;UAI.<\/span><\/p>\n<p><span style=\"font-size: 14.0pt; font-family: 'Verdana','sans-serif'; color: navy;\">2009 correspond au 400<sup>\u00e8me<\/sup> anniversaire de l&rsquo;invention de la lunette astronomique par Galil\u00e9e et de ses premi\u00e8res observations \u00e0 l&rsquo;aide de cet instrument. Cette invention a r\u00e9volutionn\u00e9 notre vision de l&rsquo;Univers.<\/span><\/p>\n<p><span style=\"font-size: 14.0pt; font-family: 'Verdana','sans-serif'; color: navy;\">2009 correspond aussi au 40<sup>\u00e8me<\/sup> anniversaire du premier pas sur la Lune de Niel Armstrong. A cette occasion, plusieurs projets, dont celui-ci, ont \u00e9t\u00e9 labellis\u00e9s par le Comit\u00e9 National Organisateur. Cette r\u00e9alisation, de par l&rsquo;\u00e9chelle choisie et le r\u00e9alisme de la repr\u00e9sentation des plan\u00e8tes, est unique en France.<\/span><\/p>\n<h3><strong><span style=\"color: #000080;\">S\u00e9v\u00e9rac, centre du Syst\u00e8me Solaire<\/span><\/strong><\/h3>\n<p><span style=\"color: #000080;\">L&rsquo;observatoire Bretagne Altlantique localis\u00e9 \u00e0 S\u00e9v\u00e9rac est \u00e9quip\u00e9 d&rsquo;une coupole de 5 m\u00e8tres abritant un t\u00e9lescope de 314 mm r\u00e9alis\u00e9 par les membres de l&rsquo;association.<\/span><\/p>\n<p><span style=\"color: #000080;\">Le Soleil est une \u00e9toile de taille modeste face \u00e0 certaines autres \u00e9toiles, mais reste gigantesque par rapport \u00e0 la Terre et aux autres plan\u00e8tes. La coupole de l&rsquo;observatoire est assimil\u00e9e \u00e0 la sph\u00e8re solaire ramenant sa dimension de 1 400 000 km \u00e0 5 m\u00e8tres de diam\u00e8tre.<\/span><\/p>\n<p><span style=\"color: #000080;\"><strong><a href=\"https:\/\/i0.wp.com\/voyager3.com\/wp-content\/uploads\/2014\/06\/soleil.jpg?ssl=1\" rel=\"attachment wp-att-1827\"><img data-recalc-dims=\"1\" loading=\"lazy\" decoding=\"async\" data-attachment-id=\"1827\" data-permalink=\"https:\/\/voyager3.com\/?attachment_id=1827\" data-orig-file=\"https:\/\/i0.wp.com\/voyager3.com\/wp-content\/uploads\/2014\/06\/soleil.jpg?fit=640%2C413&amp;ssl=1\" data-orig-size=\"640,413\" data-comments-opened=\"0\" data-image-meta=\"{&quot;aperture&quot;:&quot;0&quot;,&quot;credit&quot;:&quot;&quot;,&quot;camera&quot;:&quot;&quot;,&quot;caption&quot;:&quot;&quot;,&quot;created_timestamp&quot;:&quot;0&quot;,&quot;copyright&quot;:&quot;&quot;,&quot;focal_length&quot;:&quot;0&quot;,&quot;iso&quot;:&quot;0&quot;,&quot;shutter_speed&quot;:&quot;0&quot;,&quot;title&quot;:&quot;&quot;,&quot;orientation&quot;:&quot;0&quot;}\" data-image-title=\"soleil\" data-image-description=\"\" data-image-caption=\"\" data-large-file=\"https:\/\/i0.wp.com\/voyager3.com\/wp-content\/uploads\/2014\/06\/soleil.jpg?fit=640%2C413&amp;ssl=1\" class=\"size-medium wp-image-1827 alignleft\" src=\"https:\/\/i0.wp.com\/voyager3.com\/wp-content\/uploads\/2014\/06\/soleil.jpg?resize=300%2C194&#038;ssl=1\" alt=\"soleil\" width=\"300\" height=\"194\" srcset=\"https:\/\/i0.wp.com\/voyager3.com\/wp-content\/uploads\/2014\/06\/soleil.jpg?resize=300%2C194&amp;ssl=1 300w, https:\/\/i0.wp.com\/voyager3.com\/wp-content\/uploads\/2014\/06\/soleil.jpg?w=640&amp;ssl=1 640w\" sizes=\"auto, (max-width: 300px) 100vw, 300px\" \/><\/a><\/strong><\/span><\/p>\n<p><span style=\"color: #000080;\"><strong>Localisation g\u00e9ographique du Soleil :<\/strong><\/span><br \/>\n<span style=\"color: #000080;\"><strong> Observatoire Bretagne Atlantique &#8211; Long. -02\u00b004&rsquo;53\u00a0\u00bb (W) \/ Lat. 47\u00b032&rsquo;50\u00a0\u00bb (N)<\/strong><\/span><\/p>\n<h3><span style=\"color: #000080;\"><strong>L&#8217;emplacement des plan\u00e8tes dans S\u00e9v\u00e9rac<\/strong><\/span><\/h3>\n<p><a href=\"https:\/\/i0.wp.com\/voyager3.com\/wp-content\/uploads\/2014\/06\/severac.png?ssl=1\"><img data-recalc-dims=\"1\" loading=\"lazy\" decoding=\"async\" data-attachment-id=\"464\" data-permalink=\"https:\/\/voyager3.com\/?attachment_id=464\" data-orig-file=\"https:\/\/i0.wp.com\/voyager3.com\/wp-content\/uploads\/2014\/06\/severac.png?fit=307%2C112&amp;ssl=1\" data-orig-size=\"307,112\" data-comments-opened=\"0\" data-image-meta=\"{&quot;aperture&quot;:&quot;0&quot;,&quot;credit&quot;:&quot;&quot;,&quot;camera&quot;:&quot;&quot;,&quot;caption&quot;:&quot;&quot;,&quot;created_timestamp&quot;:&quot;0&quot;,&quot;copyright&quot;:&quot;&quot;,&quot;focal_length&quot;:&quot;0&quot;,&quot;iso&quot;:&quot;0&quot;,&quot;shutter_speed&quot;:&quot;0&quot;,&quot;title&quot;:&quot;&quot;,&quot;orientation&quot;:&quot;0&quot;}\" data-image-title=\"severac\" data-image-description=\"\" data-image-caption=\"\" data-large-file=\"https:\/\/i0.wp.com\/voyager3.com\/wp-content\/uploads\/2014\/06\/severac.png?fit=307%2C112&amp;ssl=1\" class=\"alignright wp-image-464\" src=\"https:\/\/i0.wp.com\/voyager3.com\/wp-content\/uploads\/2014\/06\/severac.png?resize=375%2C136&#038;ssl=1\" alt=\"severac\" width=\"375\" height=\"136\" srcset=\"https:\/\/i0.wp.com\/voyager3.com\/wp-content\/uploads\/2014\/06\/severac.png?resize=300%2C109&amp;ssl=1 300w, https:\/\/i0.wp.com\/voyager3.com\/wp-content\/uploads\/2014\/06\/severac.png?w=307&amp;ssl=1 307w\" sizes=\"auto, (max-width: 375px) 100vw, 375px\" \/><\/a><span style=\"font-size: 14.0pt; font-family: 'Verdana','sans-serif'; color: navy;\">La position de la coupole de l&rsquo;observatoire d\u00e9finit le centre du Syst\u00e8me Solaire. Les plan\u00e8tes sont plac\u00e9es en respectant les distances par rapport \u00e0 notre \u00e9toile.<\/span><\/p>\n<p><span style=\"font-size: 14.0pt; font-family: 'Verdana','sans-serif'; color: navy;\">De cette fa\u00e7on, les plan\u00e8tes telluriques, de nature similaire \u00e0 la Terre, sont toutes localis\u00e9es dans le bourg de la commune de S\u00e9v\u00e9rac.<\/span><\/p>\n<h3><span style=\"color: #000080;\">Mercure<\/span><\/h3>\n<p><span style=\"font-size: 14.0pt; font-family: 'Verdana','sans-serif'; color: navy;\"><a href=\"https:\/\/i0.wp.com\/voyager3.com\/wp-content\/uploads\/2015\/12\/mercure.jpg?ssl=1\"><img data-recalc-dims=\"1\" loading=\"lazy\" decoding=\"async\" data-attachment-id=\"1705\" data-permalink=\"https:\/\/voyager3.com\/?attachment_id=1705\" data-orig-file=\"https:\/\/i0.wp.com\/voyager3.com\/wp-content\/uploads\/2015\/12\/mercure.jpg?fit=800%2C600&amp;ssl=1\" data-orig-size=\"800,600\" data-comments-opened=\"0\" data-image-meta=\"{&quot;aperture&quot;:&quot;2.9&quot;,&quot;credit&quot;:&quot;&quot;,&quot;camera&quot;:&quot;E885&quot;,&quot;caption&quot;:&quot;&quot;,&quot;created_timestamp&quot;:&quot;1234537692&quot;,&quot;copyright&quot;:&quot;&quot;,&quot;focal_length&quot;:&quot;9&quot;,&quot;iso&quot;:&quot;100&quot;,&quot;shutter_speed&quot;:&quot;0.0026983270372369&quot;,&quot;title&quot;:&quot;&quot;,&quot;orientation&quot;:&quot;1&quot;}\" data-image-title=\"mercure\" data-image-description=\"\" data-image-caption=\"\" data-large-file=\"https:\/\/i0.wp.com\/voyager3.com\/wp-content\/uploads\/2015\/12\/mercure.jpg?fit=648%2C486&amp;ssl=1\" class=\"wp-image-1705 alignleft\" src=\"https:\/\/i0.wp.com\/voyager3.com\/wp-content\/uploads\/2015\/12\/mercure.jpg?resize=469%2C352&#038;ssl=1\" alt=\"\" width=\"469\" height=\"352\" srcset=\"https:\/\/i0.wp.com\/voyager3.com\/wp-content\/uploads\/2015\/12\/mercure.jpg?resize=300%2C225&amp;ssl=1 300w, https:\/\/i0.wp.com\/voyager3.com\/wp-content\/uploads\/2015\/12\/mercure.jpg?resize=768%2C576&amp;ssl=1 768w, https:\/\/i0.wp.com\/voyager3.com\/wp-content\/uploads\/2015\/12\/mercure.jpg?resize=175%2C131&amp;ssl=1 175w, https:\/\/i0.wp.com\/voyager3.com\/wp-content\/uploads\/2015\/12\/mercure.jpg?resize=667%2C500&amp;ssl=1 667w, https:\/\/i0.wp.com\/voyager3.com\/wp-content\/uploads\/2015\/12\/mercure.jpg?w=800&amp;ssl=1 800w\" sizes=\"auto, (max-width: 469px) 100vw, 469px\" \/><\/a>La premi\u00e8re plan\u00e8te du Syst\u00e8me Solaire est aussi le plus petit corps repr\u00e9sent\u00e9 par cette maquette. vous trouverez Mercure \u00e0 250 m de la coupole, \u00e0 proximit\u00e9 du terrain des Sports, rue de La Gagnerie.<\/span><\/p>\n<p><span style=\"color: #000080;\">Localisation g\u00e9ographique de Mercure :<\/span><br \/>\n<span style=\"color: #000080;\"> S\u00e9v\u00e9rac, rue de la Gagnerie &#8211; Long. -02\u00b004&rsquo;45\u00a0\u00bb (W) \/ Lat. 47\u00b032&rsquo;57\u00a0\u00bb (N)<\/span><\/p>\n<h3 style=\"text-align: left;\"><\/h3>\n<h3 style=\"text-align: left;\"><span style=\"color: #000080;\"><a href=\"https:\/\/i0.wp.com\/voyager3.com\/wp-content\/uploads\/2015\/12\/venus.jpg?ssl=1\"><img data-recalc-dims=\"1\" loading=\"lazy\" decoding=\"async\" data-attachment-id=\"1709\" data-permalink=\"https:\/\/voyager3.com\/?attachment_id=1709\" data-orig-file=\"https:\/\/i0.wp.com\/voyager3.com\/wp-content\/uploads\/2015\/12\/venus.jpg?fit=800%2C600&amp;ssl=1\" data-orig-size=\"800,600\" data-comments-opened=\"0\" data-image-meta=\"{&quot;aperture&quot;:&quot;3.5&quot;,&quot;credit&quot;:&quot;&quot;,&quot;camera&quot;:&quot;E885&quot;,&quot;caption&quot;:&quot;&quot;,&quot;created_timestamp&quot;:&quot;1234638041&quot;,&quot;copyright&quot;:&quot;&quot;,&quot;focal_length&quot;:&quot;13.2&quot;,&quot;iso&quot;:&quot;105&quot;,&quot;shutter_speed&quot;:&quot;0.016638935108153&quot;,&quot;title&quot;:&quot;&quot;,&quot;orientation&quot;:&quot;1&quot;}\" data-image-title=\"venus\" data-image-description=\"\" data-image-caption=\"\" data-large-file=\"https:\/\/i0.wp.com\/voyager3.com\/wp-content\/uploads\/2015\/12\/venus.jpg?fit=648%2C486&amp;ssl=1\" class=\"wp-image-1709 alignright\" src=\"https:\/\/i0.wp.com\/voyager3.com\/wp-content\/uploads\/2015\/12\/venus.jpg?resize=468%2C351&#038;ssl=1\" alt=\"\" width=\"468\" height=\"351\" srcset=\"https:\/\/i0.wp.com\/voyager3.com\/wp-content\/uploads\/2015\/12\/venus.jpg?resize=300%2C225&amp;ssl=1 300w, https:\/\/i0.wp.com\/voyager3.com\/wp-content\/uploads\/2015\/12\/venus.jpg?resize=768%2C576&amp;ssl=1 768w, https:\/\/i0.wp.com\/voyager3.com\/wp-content\/uploads\/2015\/12\/venus.jpg?resize=175%2C131&amp;ssl=1 175w, https:\/\/i0.wp.com\/voyager3.com\/wp-content\/uploads\/2015\/12\/venus.jpg?resize=667%2C500&amp;ssl=1 667w, https:\/\/i0.wp.com\/voyager3.com\/wp-content\/uploads\/2015\/12\/venus.jpg?w=800&amp;ssl=1 800w\" sizes=\"auto, (max-width: 468px) 100vw, 468px\" \/><\/a>V\u00e9nus<\/span><\/h3>\n<p style=\"text-align: left;\"><span style=\"color: #000080;\">La seconde plan\u00e8te est situ\u00e9e \u00e0 400m de la coupole et plac\u00e9e \u00e0 l&rsquo;entr\u00e9e du terrain des Sports de S\u00e9v\u00e9rac.<\/span><\/p>\n<p style=\"text-align: left;\"><span style=\"color: #000080;\">Localisation g\u00e9ographique de V\u00e9nus :<\/span><br \/>\n<span style=\"color: #000080;\"> S\u00e9v\u00e9rac, terrain des sports &#8211; Long. -02\u00b004&rsquo;40\u00a0\u00bb (W) \/ Lat. 47\u00b033&rsquo;00\u00a0\u00bb (N)<\/span><\/p>\n<h3><span style=\"color: #000080;\">La Terre<\/span><\/h3>\n<h3><span style=\"color: #000080;\"><a href=\"https:\/\/i0.wp.com\/voyager3.com\/wp-content\/uploads\/2015\/12\/terre.jpg?ssl=1\"><img data-recalc-dims=\"1\" loading=\"lazy\" decoding=\"async\" data-attachment-id=\"1698\" data-permalink=\"https:\/\/voyager3.com\/?attachment_id=1698\" data-orig-file=\"https:\/\/i0.wp.com\/voyager3.com\/wp-content\/uploads\/2015\/12\/terre.jpg?fit=800%2C600&amp;ssl=1\" data-orig-size=\"800,600\" data-comments-opened=\"0\" data-image-meta=\"{&quot;aperture&quot;:&quot;8&quot;,&quot;credit&quot;:&quot;&quot;,&quot;camera&quot;:&quot;E885&quot;,&quot;caption&quot;:&quot;&quot;,&quot;created_timestamp&quot;:&quot;1234538809&quot;,&quot;copyright&quot;:&quot;&quot;,&quot;focal_length&quot;:&quot;9&quot;,&quot;iso&quot;:&quot;100&quot;,&quot;shutter_speed&quot;:&quot;0.0083963056255248&quot;,&quot;title&quot;:&quot;&quot;,&quot;orientation&quot;:&quot;1&quot;}\" data-image-title=\"terre\" data-image-description=\"\" data-image-caption=\"\" data-large-file=\"https:\/\/i0.wp.com\/voyager3.com\/wp-content\/uploads\/2015\/12\/terre.jpg?fit=648%2C486&amp;ssl=1\" class=\"wp-image-1698 alignleft\" src=\"https:\/\/i0.wp.com\/voyager3.com\/wp-content\/uploads\/2015\/12\/terre.jpg?resize=422%2C316&#038;ssl=1\" alt=\"\" width=\"422\" height=\"316\" srcset=\"https:\/\/i0.wp.com\/voyager3.com\/wp-content\/uploads\/2015\/12\/terre.jpg?resize=300%2C225&amp;ssl=1 300w, https:\/\/i0.wp.com\/voyager3.com\/wp-content\/uploads\/2015\/12\/terre.jpg?resize=768%2C576&amp;ssl=1 768w, https:\/\/i0.wp.com\/voyager3.com\/wp-content\/uploads\/2015\/12\/terre.jpg?resize=175%2C131&amp;ssl=1 175w, https:\/\/i0.wp.com\/voyager3.com\/wp-content\/uploads\/2015\/12\/terre.jpg?resize=667%2C500&amp;ssl=1 667w, https:\/\/i0.wp.com\/voyager3.com\/wp-content\/uploads\/2015\/12\/terre.jpg?w=800&amp;ssl=1 800w\" sizes=\"auto, (max-width: 422px) 100vw, 422px\" \/><\/a><\/span><\/h3>\n<p><span style=\"color: #000080;\">Notre plan\u00e8te bleue est situ\u00e9e \u00e0 la bonne distance du Soleil, ce qui a permis \u00e0 la vie d&rsquo;y appara\u00eetre. La Terre est \u00e0 550m de la coupole et se trouve Rue Sainte Th\u00e9r\u00e8se.<\/span><\/p>\n<p><span style=\"color: #000080;\">Et La Lune ?<\/span><br \/>\n<span style=\"color: #000080;\"> La Lune n&rsquo;\u00e9tant pas une plan\u00e8te, mais le satellite naturel tournant autour de la Terre, elle n&rsquo;est pas repr\u00e9sent\u00e9e. Toutefois, pour localiser la Lune, il suffit d&rsquo;imaginer une petite sph\u00e8re grise de 1,2 cm de diam\u00e8tre \u00e0 une distance de 1,4 m de la Terre. On r\u00e9alise ainsi \u00e0 quel point les voyages r\u00e9alis\u00e9s en direction de la Lune \u00e0 la fin des ann\u00e9es 60 et au d\u00e9but des ann\u00e9es 70 ne constituent qu&rsquo;un voyage infime face \u00e0 l&rsquo;\u00e9tendue du Syst\u00e8me Solaire. 1,4m est donc, \u00e0 l&rsquo;\u00e9chelle de la maquette, la distance la plus grande parcourue par des hommes&#8230;<\/span><\/p>\n<p><span style=\"color: #000080;\">Localisation g\u00e9ographique de la Terre : S\u00e9v\u00e9rac, rue Sainte Th\u00e9r\u00e8se &#8211; Long. -02\u00b004&rsquo;41\u00a0\u00bb (W) \/ Lat. 47\u00b033&rsquo;07\u00a0\u00bb (N)<\/span><\/p>\n<h3 style=\"text-align: left;\"><span style=\"color: #000080;\"><a href=\"https:\/\/i0.wp.com\/voyager3.com\/wp-content\/uploads\/2015\/12\/mars.jpg?ssl=1\"><img data-recalc-dims=\"1\" loading=\"lazy\" decoding=\"async\" data-attachment-id=\"1704\" data-permalink=\"https:\/\/voyager3.com\/?attachment_id=1704\" data-orig-file=\"https:\/\/i0.wp.com\/voyager3.com\/wp-content\/uploads\/2015\/12\/mars.jpg?fit=800%2C600&amp;ssl=1\" data-orig-size=\"800,600\" data-comments-opened=\"0\" data-image-meta=\"{&quot;aperture&quot;:&quot;3.7&quot;,&quot;credit&quot;:&quot;&quot;,&quot;camera&quot;:&quot;E885&quot;,&quot;caption&quot;:&quot;&quot;,&quot;created_timestamp&quot;:&quot;1234539498&quot;,&quot;copyright&quot;:&quot;&quot;,&quot;focal_length&quot;:&quot;14.2&quot;,&quot;iso&quot;:&quot;100&quot;,&quot;shutter_speed&quot;:&quot;0.0039200313602509&quot;,&quot;title&quot;:&quot;&quot;,&quot;orientation&quot;:&quot;1&quot;}\" data-image-title=\"mars\" data-image-description=\"\" data-image-caption=\"\" data-large-file=\"https:\/\/i0.wp.com\/voyager3.com\/wp-content\/uploads\/2015\/12\/mars.jpg?fit=648%2C486&amp;ssl=1\" class=\"wp-image-1704 alignright\" src=\"https:\/\/i0.wp.com\/voyager3.com\/wp-content\/uploads\/2015\/12\/mars.jpg?resize=415%2C311&#038;ssl=1\" alt=\"\" width=\"415\" height=\"311\" srcset=\"https:\/\/i0.wp.com\/voyager3.com\/wp-content\/uploads\/2015\/12\/mars.jpg?resize=300%2C225&amp;ssl=1 300w, https:\/\/i0.wp.com\/voyager3.com\/wp-content\/uploads\/2015\/12\/mars.jpg?resize=768%2C576&amp;ssl=1 768w, https:\/\/i0.wp.com\/voyager3.com\/wp-content\/uploads\/2015\/12\/mars.jpg?resize=175%2C131&amp;ssl=1 175w, https:\/\/i0.wp.com\/voyager3.com\/wp-content\/uploads\/2015\/12\/mars.jpg?resize=667%2C500&amp;ssl=1 667w, https:\/\/i0.wp.com\/voyager3.com\/wp-content\/uploads\/2015\/12\/mars.jpg?w=800&amp;ssl=1 800w\" sizes=\"auto, (max-width: 415px) 100vw, 415px\" \/><\/a>Mars<\/span><\/h3>\n<p style=\"text-align: left;\"><span style=\"color: #000080;\">La plan\u00e8te rouge a beaucoup inspir\u00e9 les romans de science fiction. Cette plan\u00e8te est situ\u00e9e \u00e0 une distance de 800 m de la coupole \u00e0 l&rsquo;intersection des rues de la Station et de la Butte du Clos, non loin de la Salle des F\u00eates de S\u00e9v\u00e9rac.<\/span><\/p>\n<p style=\"text-align: left;\"><span style=\"color: #000080;\">Localisation g\u00e9ographique de Mars :<\/span><br \/>\n<span style=\"color: #000080;\"> S\u00e9v\u00e9rac, angle des rues de la Station et de la Butte du Clos<\/span><br \/>\n<span style=\"color: #000080;\"> Long. -02\u00b004&rsquo;20\u00a0\u00bb (W) \/ Lat. 47\u00b033&rsquo;03\u00a0\u00bb (N)<\/span><\/p>\n<h3><\/h3>\n<h3><\/h3>\n<h3><span style=\"color: #000080;\">Jupiter<\/span><\/h3>\n<p><span style=\"color: #000080;\"><a href=\"https:\/\/i0.wp.com\/voyager3.com\/wp-content\/uploads\/2015\/12\/jupiter.jpg?ssl=1\"><img data-recalc-dims=\"1\" loading=\"lazy\" decoding=\"async\" data-attachment-id=\"1703\" data-permalink=\"https:\/\/voyager3.com\/?attachment_id=1703\" data-orig-file=\"https:\/\/i0.wp.com\/voyager3.com\/wp-content\/uploads\/2015\/12\/jupiter.jpg?fit=800%2C600&amp;ssl=1\" data-orig-size=\"800,600\" data-comments-opened=\"0\" data-image-meta=\"{&quot;aperture&quot;:&quot;3.5&quot;,&quot;credit&quot;:&quot;&quot;,&quot;camera&quot;:&quot;E885&quot;,&quot;caption&quot;:&quot;&quot;,&quot;created_timestamp&quot;:&quot;1234636829&quot;,&quot;copyright&quot;:&quot;&quot;,&quot;focal_length&quot;:&quot;13.2&quot;,&quot;iso&quot;:&quot;100&quot;,&quot;shutter_speed&quot;:&quot;0.0053734551316497&quot;,&quot;title&quot;:&quot;&quot;,&quot;orientation&quot;:&quot;1&quot;}\" data-image-title=\"jupiter\" data-image-description=\"\" data-image-caption=\"\" data-large-file=\"https:\/\/i0.wp.com\/voyager3.com\/wp-content\/uploads\/2015\/12\/jupiter.jpg?fit=648%2C486&amp;ssl=1\" class=\"wp-image-1703 alignleft\" src=\"https:\/\/i0.wp.com\/voyager3.com\/wp-content\/uploads\/2015\/12\/jupiter.jpg?resize=424%2C318&#038;ssl=1\" alt=\"\" width=\"424\" height=\"318\" srcset=\"https:\/\/i0.wp.com\/voyager3.com\/wp-content\/uploads\/2015\/12\/jupiter.jpg?resize=300%2C225&amp;ssl=1 300w, https:\/\/i0.wp.com\/voyager3.com\/wp-content\/uploads\/2015\/12\/jupiter.jpg?resize=768%2C576&amp;ssl=1 768w, https:\/\/i0.wp.com\/voyager3.com\/wp-content\/uploads\/2015\/12\/jupiter.jpg?resize=175%2C131&amp;ssl=1 175w, https:\/\/i0.wp.com\/voyager3.com\/wp-content\/uploads\/2015\/12\/jupiter.jpg?resize=667%2C500&amp;ssl=1 667w, https:\/\/i0.wp.com\/voyager3.com\/wp-content\/uploads\/2015\/12\/jupiter.jpg?w=800&amp;ssl=1 800w\" sizes=\"auto, (max-width: 424px) 100vw, 424px\" \/><\/a><\/span><span style=\"color: #000080;\">Jupiter est la premi\u00e8re et la plus grosse des plan\u00e8tes g\u00e9antes. Ce corps est essentiellement constitu\u00e9 de gaz. C&rsquo;est la derni\u00e8re plan\u00e8te localis\u00e9e sur la commune de S\u00e9v\u00e9rac.<\/span><\/p>\n<p><span style=\"color: #000080;\">La m\u00e9t\u00e9orologie complexe de la plan\u00e8te fait appara\u00eetre des bandes nuageuses \u00e0 sa surface ainsi que des temp\u00eates g\u00e9antes telle que la c\u00e9l\u00e8bre grande t\u00e2che rouge. Jupiter se trouve \u00e0 3 km de la coupole, visible au village de Branleix sur la commune de S\u00e9v\u00e9rac.<\/span><\/p>\n<p><span style=\"color: #000080;\">Localisation g\u00e9ographique de Jupiter : S\u00e9v\u00e9rac, village de Branleix &#8211; Long. -02\u00b002&rsquo;34\u00a0\u00bb (W) \/ Lat. 47\u00b033&rsquo;13\u00a0\u00bb (N)<\/span><\/p>\n<h3 style=\"text-align: left;\"><\/h3>\n<h3 style=\"text-align: left;\"><span style=\"color: #000080;\">Saturne<\/span><\/h3>\n<p style=\"text-align: left;\"><span style=\"color: #000080;\"><a href=\"https:\/\/i0.wp.com\/voyager3.com\/wp-content\/uploads\/2015\/12\/saturne.jpg?ssl=1\"><img data-recalc-dims=\"1\" loading=\"lazy\" decoding=\"async\" data-attachment-id=\"1707\" data-permalink=\"https:\/\/voyager3.com\/?attachment_id=1707\" data-orig-file=\"https:\/\/i0.wp.com\/voyager3.com\/wp-content\/uploads\/2015\/12\/saturne.jpg?fit=800%2C600&amp;ssl=1\" data-orig-size=\"800,600\" data-comments-opened=\"0\" data-image-meta=\"{&quot;aperture&quot;:&quot;7.6&quot;,&quot;credit&quot;:&quot;&quot;,&quot;camera&quot;:&quot;E885&quot;,&quot;caption&quot;:&quot;&quot;,&quot;created_timestamp&quot;:&quot;1234631005&quot;,&quot;copyright&quot;:&quot;&quot;,&quot;focal_length&quot;:&quot;8&quot;,&quot;iso&quot;:&quot;100&quot;,&quot;shutter_speed&quot;:&quot;0.01131221719457&quot;,&quot;title&quot;:&quot;&quot;,&quot;orientation&quot;:&quot;1&quot;}\" data-image-title=\"saturne\" data-image-description=\"\" data-image-caption=\"\" data-large-file=\"https:\/\/i0.wp.com\/voyager3.com\/wp-content\/uploads\/2015\/12\/saturne.jpg?fit=648%2C486&amp;ssl=1\" class=\"wp-image-1707 alignright\" src=\"https:\/\/i0.wp.com\/voyager3.com\/wp-content\/uploads\/2015\/12\/saturne.jpg?resize=382%2C286&#038;ssl=1\" alt=\"\" width=\"382\" height=\"286\" srcset=\"https:\/\/i0.wp.com\/voyager3.com\/wp-content\/uploads\/2015\/12\/saturne.jpg?resize=300%2C225&amp;ssl=1 300w, https:\/\/i0.wp.com\/voyager3.com\/wp-content\/uploads\/2015\/12\/saturne.jpg?resize=768%2C576&amp;ssl=1 768w, https:\/\/i0.wp.com\/voyager3.com\/wp-content\/uploads\/2015\/12\/saturne.jpg?resize=175%2C131&amp;ssl=1 175w, https:\/\/i0.wp.com\/voyager3.com\/wp-content\/uploads\/2015\/12\/saturne.jpg?resize=667%2C500&amp;ssl=1 667w, https:\/\/i0.wp.com\/voyager3.com\/wp-content\/uploads\/2015\/12\/saturne.jpg?w=800&amp;ssl=1 800w\" sizes=\"auto, (max-width: 382px) 100vw, 382px\" \/><\/a><\/span><span style=\"color: #000080;\">Saint-Gildas-des-Bois et le Seigneur des Anneaux<\/span><\/p>\n<p style=\"text-align: left;\"><span style=\"color: #000080;\">La commune de Saint-Gildas-des-Bois accueille la seconde plan\u00e8te par la taille. Saturne se caract\u00e9rise par des anneaux particuli\u00e8rement visibles. Saturne est aussi la derni\u00e8re plan\u00e8te connue depuis l&rsquo;antiquit\u00e9.<\/span><\/p>\n<p style=\"text-align: left;\"><span style=\"color: #000080;\">Bien que de taille inf\u00e9rieure \u00e0 Jupiter, Saturne, arborant fi\u00e8rement ses anneaux, constitue la repr\u00e9sentation la plus imposante de la maquette. Elle est situ\u00e9e \u00e0 une distance de 5 km de la coupole, \u00e0 proximit\u00e9 du pont de chemin de fer et de la maison des Associations de Saint Gildas des Bois, route de Pont-Ch\u00e2teau.<\/span><\/p>\n<p style=\"text-align: left;\"><span style=\"color: #000080;\">Localisation g\u00e9ographique de Saturne :Saint-Gildas-des-Bois, Maison des Associations (route de Pont-Ch\u00e2teau)Long. -02\u00b002&rsquo;21\u00a0\u00bb (W) \/ Lat. 47\u00b030&rsquo;44\u00a0\u00bb (N)<\/span><\/p>\n<h3><\/h3>\n<h3><span style=\"color: #000080;\">Uranus<\/span><\/h3>\n<p><span style=\"color: #000080;\"><a href=\"https:\/\/i0.wp.com\/voyager3.com\/wp-content\/uploads\/2015\/12\/uranus.jpg?ssl=1\"><img data-recalc-dims=\"1\" loading=\"lazy\" decoding=\"async\" data-attachment-id=\"1708\" data-permalink=\"https:\/\/voyager3.com\/?attachment_id=1708\" data-orig-file=\"https:\/\/i0.wp.com\/voyager3.com\/wp-content\/uploads\/2015\/12\/uranus.jpg?fit=800%2C600&amp;ssl=1\" data-orig-size=\"800,600\" data-comments-opened=\"0\" data-image-meta=\"{&quot;aperture&quot;:&quot;7.6&quot;,&quot;credit&quot;:&quot;&quot;,&quot;camera&quot;:&quot;E885&quot;,&quot;caption&quot;:&quot;&quot;,&quot;created_timestamp&quot;:&quot;1234626356&quot;,&quot;copyright&quot;:&quot;&quot;,&quot;focal_length&quot;:&quot;8&quot;,&quot;iso&quot;:&quot;100&quot;,&quot;shutter_speed&quot;:&quot;0.0029985007496252&quot;,&quot;title&quot;:&quot;&quot;,&quot;orientation&quot;:&quot;1&quot;}\" data-image-title=\"uranus\" data-image-description=\"\" data-image-caption=\"\" data-large-file=\"https:\/\/i0.wp.com\/voyager3.com\/wp-content\/uploads\/2015\/12\/uranus.jpg?fit=648%2C486&amp;ssl=1\" class=\"wp-image-1708 alignleft\" src=\"https:\/\/i0.wp.com\/voyager3.com\/wp-content\/uploads\/2015\/12\/uranus.jpg?resize=411%2C308&#038;ssl=1\" alt=\"\" width=\"411\" height=\"308\" srcset=\"https:\/\/i0.wp.com\/voyager3.com\/wp-content\/uploads\/2015\/12\/uranus.jpg?resize=300%2C225&amp;ssl=1 300w, https:\/\/i0.wp.com\/voyager3.com\/wp-content\/uploads\/2015\/12\/uranus.jpg?resize=768%2C576&amp;ssl=1 768w, https:\/\/i0.wp.com\/voyager3.com\/wp-content\/uploads\/2015\/12\/uranus.jpg?resize=175%2C131&amp;ssl=1 175w, https:\/\/i0.wp.com\/voyager3.com\/wp-content\/uploads\/2015\/12\/uranus.jpg?resize=667%2C500&amp;ssl=1 667w, https:\/\/i0.wp.com\/voyager3.com\/wp-content\/uploads\/2015\/12\/uranus.jpg?w=800&amp;ssl=1 800w\" sizes=\"auto, (max-width: 411px) 100vw, 411px\" \/><\/a><\/span><span style=\"color: #000080;\">Missillac et la premi\u00e8re plan\u00e8te d\u00e9couverte au t\u00e9lescope<\/span><\/p>\n<p style=\"text-align: left;\"><span style=\"color: #000080;\">1781, William Herschel, musicien organiste et astronome avis\u00e9, observe un point lumineux se d\u00e9pla\u00e7ant par rapport aux \u00e9toiles. Il vient de d\u00e9couvrir la plan\u00e8te Uranus ! La commune de Missillac accueille la premi\u00e8re plan\u00e8te d\u00e9couverte \u00e0 l&rsquo;aide d&rsquo;un t\u00e9l\u00e9scope.<\/span><\/p>\n<p style=\"text-align: left;\"><span style=\"color: #000080;\">De la m\u00eame mani\u00e8re que Jupiter et Saturne, Uranus est une plan\u00e8te gazeuse. Bien que de taille inf\u00e9rieure aux deux pr\u00e9c\u00e9dentes, elle n&rsquo;en reste pas moins beaucoup plus imposante que La Terre. Cette plan\u00e8te situ\u00e9e \u00e0 10 km de la coupole est visible \u00e0 Missillac, devant la maison de l&rsquo;office de Tourisme.<\/span><\/p>\n<p style=\"text-align: left;\"><span style=\"color: #000080;\">Localisation g\u00e9ographique d&rsquo;Uranus :<\/span><br \/>\n<span style=\"color: #000080;\"> Missillac, Office du Tourisme &#8211; Long. -02\u00b010&rsquo;47\u00a0\u00bb (W) \/ Lat. 47\u00b028&rsquo;40\u00a0\u00bb (N)<\/span><\/p>\n<h3><span style=\"color: #000080;\"><a href=\"https:\/\/i0.wp.com\/voyager3.com\/wp-content\/uploads\/2015\/12\/neptune.jpg?ssl=1\"><img data-recalc-dims=\"1\" loading=\"lazy\" decoding=\"async\" data-attachment-id=\"1706\" data-permalink=\"https:\/\/voyager3.com\/?attachment_id=1706\" data-orig-file=\"https:\/\/i0.wp.com\/voyager3.com\/wp-content\/uploads\/2015\/12\/neptune.jpg?fit=800%2C600&amp;ssl=1\" data-orig-size=\"800,600\" data-comments-opened=\"0\" data-image-meta=\"{&quot;aperture&quot;:&quot;8.8&quot;,&quot;credit&quot;:&quot;&quot;,&quot;camera&quot;:&quot;E885&quot;,&quot;caption&quot;:&quot;&quot;,&quot;created_timestamp&quot;:&quot;1234617478&quot;,&quot;copyright&quot;:&quot;&quot;,&quot;focal_length&quot;:&quot;11.1&quot;,&quot;iso&quot;:&quot;100&quot;,&quot;shutter_speed&quot;:&quot;0.0053908355795148&quot;,&quot;title&quot;:&quot;&quot;,&quot;orientation&quot;:&quot;1&quot;}\" data-image-title=\"neptune\" data-image-description=\"\" data-image-caption=\"\" data-large-file=\"https:\/\/i0.wp.com\/voyager3.com\/wp-content\/uploads\/2015\/12\/neptune.jpg?fit=648%2C486&amp;ssl=1\" class=\"wp-image-1706 alignright\" src=\"https:\/\/i0.wp.com\/voyager3.com\/wp-content\/uploads\/2015\/12\/neptune.jpg?resize=378%2C283&#038;ssl=1\" alt=\"\" width=\"378\" height=\"283\" srcset=\"https:\/\/i0.wp.com\/voyager3.com\/wp-content\/uploads\/2015\/12\/neptune.jpg?resize=300%2C225&amp;ssl=1 300w, https:\/\/i0.wp.com\/voyager3.com\/wp-content\/uploads\/2015\/12\/neptune.jpg?resize=768%2C576&amp;ssl=1 768w, https:\/\/i0.wp.com\/voyager3.com\/wp-content\/uploads\/2015\/12\/neptune.jpg?resize=175%2C131&amp;ssl=1 175w, https:\/\/i0.wp.com\/voyager3.com\/wp-content\/uploads\/2015\/12\/neptune.jpg?resize=667%2C500&amp;ssl=1 667w, https:\/\/i0.wp.com\/voyager3.com\/wp-content\/uploads\/2015\/12\/neptune.jpg?w=800&amp;ssl=1 800w\" sizes=\"auto, (max-width: 378px) 100vw, 378px\" \/><\/a><\/span><\/h3>\n<h3><span style=\"color: #000080;\">Neptune<\/span><\/h3>\n<p><span style=\"color: #000080;\">Crossac et la seconde plan\u00e8te bleue<\/span><\/p>\n<p><span style=\"color: #000080;\">La plan\u00e8te Uranus d\u00e9couverte par William Herschel pr\u00e9sente une trajectoire perturb\u00e9e. Au XIX<sup>\u00e8me<\/sup> si\u00e8cle, l&rsquo;explication avanc\u00e9e par plusieurs astronomes de l&rsquo;\u00e9poque est la pr\u00e9sence d&rsquo;une plan\u00e8te encore inconnue. Notamment gr\u00e2ce aux calculs de l&rsquo;astronome fran\u00e7ais Le Verrier et de l&rsquo;astronome anglais Adams, cette plan\u00e8te fut localis\u00e9e et observ\u00e9e en 1846 par l&rsquo;astronome allemand Galle. La commune de Crossac accueille cette ultime plan\u00e8te du Syst\u00e8me Solaire.<\/span><\/p>\n<p><span style=\"color: #000080;\">Cette plan\u00e8te est situ\u00e9e \u00e0 16 km de la coupole de l&rsquo;observatoire. De dimension comparable \u00e0 Uranus, c&rsquo;est aussi une plan\u00e8te gazeuse. Son aspect bleu ne traduit pas la pr\u00e9sence d&rsquo;eau, mais est la cons\u00e9quence de la nature de certains gaz la constituant. Neptune est h\u00e9berg\u00e9e \u00e0 Crossac, place du Calvaire, rue Pierre Plaisance.<\/span><\/p>\n<p><span style=\"color: #000080;\">Localisation g\u00e9ographique de Neptune :<\/span><br \/>\n<span style=\"color: #000080;\"> Crossac, place du Calvaire &#8211; Long. -02\u00b010&rsquo;03\u00a0\u00bb (W) \/ Lat. 47\u00b024&rsquo;43\u00a0\u00bb (N)<\/span><br \/>\n<span style=\"font-size: 10pt;\"> \u00a0<\/span><\/p>\n<p><iframe loading=\"lazy\" src=\"https:\/\/www.google.com\/maps\/d\/u\/6\/embed?mid=1ljDFjYjsYEM7TtyDKSDF-MiEsoUkalbx\" width=\"640\" height=\"480\"><\/iframe><\/p>\n<p><span style=\"font-size: 10pt;\">T\u00e9l\u00e9charger les fichiers GPS Google Maps au format KMZ :<br \/>\n<\/span><\/p>\n<p><a href=\"https:\/\/drive.google.com\/file\/d\/15BghO5421HPoGdQ6Za0TxdcZOlmaKviE\/view?usp=sharing\">Emplacement des plan\u00e8tes<\/a> | <a href=\"https:\/\/drive.google.com\/file\/d\/15G57iwdfq2PPDbPot0t48OFyh79CWD_p\/view?usp=sharing\">Itin\u00e9raire \u00e0 pied des plan\u00e8tes telluriques<\/a><\/p>\n<p><a href=\"https:\/\/drive.google.com\/file\/d\/15NvxhGBsOCRj33RuH9GcLoW5_KvZDDXb\/view?usp=sharing\">Itin\u00e9raire complet en voiture<\/a><\/p>\n<h3><span style=\"color: #000080;\">Et Pluton ?<\/span><\/h3>\n<p><span style=\"color: #000080;\">Pluton \u00e9tait consid\u00e9r\u00e9e depuis des ann\u00e9es comme \u00e9tant la neuvi\u00e8me plan\u00e8te du Syst\u00e8me Solaire. Ce n&rsquo;est plus le cas depuis ao\u00fbt 2006. Notre syst\u00e8me plan\u00e9taire comptabilise maintenant 8 et non plus 9 plan\u00e8tes. Pluton n&rsquo;est donc pas repr\u00e9sent\u00e9e. Toutefois, pour combler la curiosit\u00e9 de chacun, \u00e0 l&rsquo;\u00e9chelle de la maquette, Pluton est un petit corps sph\u00e9rique de 8 mm de diam\u00e8tre situ\u00e9 en moyenne \u00e0 une distance de 21 km de la coupole.<\/span><\/p>\n<h3><span style=\"color: #000080;\">Au del\u00e0 du Syst\u00e8me Solaire&#8230;<\/span><\/h3>\n<p><span style=\"color: #000080;\">Le Syst\u00e8me Solaire comprend l&rsquo;ensemble des objets gravitant autour du Soleil. Toutefois, l&rsquo;Univers est infiniment plus vaste&#8230; De toutes les \u00e9toiles, la plus proche est Proxima du Centaure, modeste \u00e9toile de par sa taille. Elle est situ\u00e9e \u00e0 4,2 ann\u00e9es-lumi\u00e8re du Soleil. A l&rsquo;\u00e9chelle de la maquette, notre plus proche voisine stellaire est situ\u00e9e \u00e0 une distance qui reste encore gigantesque : 150 000 km. Sa repr\u00e9sentation se trouverait quelque part entre la Terre et la Lune.<\/span><br \/>\n<span style=\"color: #000080;\"> Toujours \u00e0 l&rsquo;\u00e9chelle de la maquette, notre galaxie la Voie Lact\u00e9e qui regroupe environ 200 milliards d&rsquo;\u00e9toiles s&rsquo;\u00e9tendrait quasiment jusqu&rsquo;\u00e0 l&rsquo;orbite de Neptune soit de l&rsquo;ordre de 4 milliards de kilom\u00e8tres.<\/span><br \/>\n<span style=\"color: #000080;\"> Du cot\u00e9 de la taille des \u00e9toiles, le Soleil est de dimension modeste. Notre maquette le repr\u00e9sente comme une sph\u00e8re de 5 m de diam\u00e8tre&#8230; mais certaines \u00e9toiles, telle que la g\u00e9ante rouge B\u00e9telgeuse &#8211; \u00e9toile brillante de la constellation d&rsquo;Orion -, seraient \u00e0 cette \u00e9chelle des sph\u00e8res de l&rsquo;ordre de 4 km de diam\u00e8tre&#8230;<\/span><\/p>\n<h3><span style=\"color: #000080;\">Remerciements :<\/span><\/h3>\n<p><span style=\"color: #000080;\">Ce projet n&rsquo;aurait pu \u00eatre men\u00e9 \u00e0 bien sans le soutient du Conseil G\u00e9n\u00e9ral de Loire Atlantique et de la Communaut\u00e9 de Communes de Pont-Ch\u00e2teau &#8211; Saint-Gildas-des-Bois.<\/span><br \/>\n<span style=\"color: #000080;\"> Nous remercions les communes de S\u00e9v\u00e9rac, Saint-Gildas-des-Bois, Missillac et Crossac qui ont accept\u00e9 d&rsquo;h\u00e9berger les plan\u00e8tes du Syst\u00e8me Solaire.<\/span><br \/>\n<span style=\"color: #000080;\"> Enfin, nous tenons \u00e0 remercier l&rsquo;entreprise Bretagne Oxycoupage pour son aide.<\/span><\/p>\n<p><a href=\"https:\/\/i0.wp.com\/voyager3.com\/wp-content\/uploads\/2015\/02\/logobretagneoxycoupage_s.png?ssl=1\"><img data-recalc-dims=\"1\" loading=\"lazy\" decoding=\"async\" data-attachment-id=\"508\" data-permalink=\"https:\/\/voyager3.com\/?attachment_id=508\" data-orig-file=\"https:\/\/i0.wp.com\/voyager3.com\/wp-content\/uploads\/2015\/02\/logobretagneoxycoupage_s.png?fit=207%2C100&amp;ssl=1\" data-orig-size=\"207,100\" data-comments-opened=\"0\" data-image-meta=\"{&quot;aperture&quot;:&quot;0&quot;,&quot;credit&quot;:&quot;&quot;,&quot;camera&quot;:&quot;&quot;,&quot;caption&quot;:&quot;&quot;,&quot;created_timestamp&quot;:&quot;0&quot;,&quot;copyright&quot;:&quot;&quot;,&quot;focal_length&quot;:&quot;0&quot;,&quot;iso&quot;:&quot;0&quot;,&quot;shutter_speed&quot;:&quot;0&quot;,&quot;title&quot;:&quot;&quot;,&quot;orientation&quot;:&quot;0&quot;}\" data-image-title=\"logobretagneoxycoupage_s\" data-image-description=\"\" data-image-caption=\"\" data-large-file=\"https:\/\/i0.wp.com\/voyager3.com\/wp-content\/uploads\/2015\/02\/logobretagneoxycoupage_s.png?fit=207%2C100&amp;ssl=1\" class=\"alignnone wp-image-508\" src=\"https:\/\/i0.wp.com\/voyager3.com\/wp-content\/uploads\/2015\/02\/logobretagneoxycoupage_s.png?resize=249%2C120&#038;ssl=1\" alt=\"logobretagneoxycoupage_s\" width=\"249\" height=\"120\" \/><\/a> <a href=\"https:\/\/i0.wp.com\/voyager3.com\/wp-content\/uploads\/2015\/02\/logocomcom.png?ssl=1\"><img data-recalc-dims=\"1\" loading=\"lazy\" decoding=\"async\" data-attachment-id=\"509\" data-permalink=\"https:\/\/voyager3.com\/?attachment_id=509\" data-orig-file=\"https:\/\/i0.wp.com\/voyager3.com\/wp-content\/uploads\/2015\/02\/logocomcom.png?fit=309%2C105&amp;ssl=1\" data-orig-size=\"309,105\" data-comments-opened=\"0\" data-image-meta=\"{&quot;aperture&quot;:&quot;0&quot;,&quot;credit&quot;:&quot;&quot;,&quot;camera&quot;:&quot;&quot;,&quot;caption&quot;:&quot;&quot;,&quot;created_timestamp&quot;:&quot;0&quot;,&quot;copyright&quot;:&quot;&quot;,&quot;focal_length&quot;:&quot;0&quot;,&quot;iso&quot;:&quot;0&quot;,&quot;shutter_speed&quot;:&quot;0&quot;,&quot;title&quot;:&quot;&quot;,&quot;orientation&quot;:&quot;0&quot;}\" data-image-title=\"logocomcom\" data-image-description=\"\" data-image-caption=\"\" data-large-file=\"https:\/\/i0.wp.com\/voyager3.com\/wp-content\/uploads\/2015\/02\/logocomcom.png?fit=309%2C105&amp;ssl=1\" class=\"alignnone wp-image-509\" src=\"https:\/\/i0.wp.com\/voyager3.com\/wp-content\/uploads\/2015\/02\/logocomcom.png?resize=294%2C100&#038;ssl=1\" alt=\"logocomcom\" width=\"294\" height=\"100\" \/><\/a> <a href=\"https:\/\/i0.wp.com\/voyager3.com\/wp-content\/uploads\/2014\/06\/logoseverac.gif?ssl=1\" rel=\"attachment wp-att-2000\"><img data-recalc-dims=\"1\" loading=\"lazy\" decoding=\"async\" data-attachment-id=\"2000\" data-permalink=\"https:\/\/voyager3.com\/?attachment_id=2000\" data-orig-file=\"https:\/\/i0.wp.com\/voyager3.com\/wp-content\/uploads\/2014\/06\/logoseverac.gif?fit=136%2C150&amp;ssl=1\" data-orig-size=\"136,150\" data-comments-opened=\"0\" data-image-meta=\"{&quot;aperture&quot;:&quot;0&quot;,&quot;credit&quot;:&quot;&quot;,&quot;camera&quot;:&quot;&quot;,&quot;caption&quot;:&quot;&quot;,&quot;created_timestamp&quot;:&quot;0&quot;,&quot;copyright&quot;:&quot;&quot;,&quot;focal_length&quot;:&quot;0&quot;,&quot;iso&quot;:&quot;0&quot;,&quot;shutter_speed&quot;:&quot;0&quot;,&quot;title&quot;:&quot;&quot;,&quot;orientation&quot;:&quot;0&quot;}\" data-image-title=\"logoseverac\" data-image-description=\"\" data-image-caption=\"\" data-large-file=\"https:\/\/i0.wp.com\/voyager3.com\/wp-content\/uploads\/2014\/06\/logoseverac.gif?fit=136%2C150&amp;ssl=1\" class=\"wp-image-2000 alignnone\" src=\"https:\/\/i0.wp.com\/voyager3.com\/wp-content\/uploads\/2014\/06\/logoseverac.gif?resize=114%2C131&#038;ssl=1\" alt=\"logoseverac\" width=\"114\" height=\"131\" \/><\/a><a href=\"https:\/\/i0.wp.com\/voyager3.com\/wp-content\/uploads\/2015\/02\/blason_crossac.png?ssl=1\"><img data-recalc-dims=\"1\" loading=\"lazy\" decoding=\"async\" data-attachment-id=\"505\" data-permalink=\"https:\/\/voyager3.com\/?attachment_id=505\" data-orig-file=\"https:\/\/i0.wp.com\/voyager3.com\/wp-content\/uploads\/2015\/02\/blason_crossac.png?fit=136%2C150&amp;ssl=1\" data-orig-size=\"136,150\" data-comments-opened=\"0\" data-image-meta=\"{&quot;aperture&quot;:&quot;0&quot;,&quot;credit&quot;:&quot;&quot;,&quot;camera&quot;:&quot;&quot;,&quot;caption&quot;:&quot;&quot;,&quot;created_timestamp&quot;:&quot;0&quot;,&quot;copyright&quot;:&quot;&quot;,&quot;focal_length&quot;:&quot;0&quot;,&quot;iso&quot;:&quot;0&quot;,&quot;shutter_speed&quot;:&quot;0&quot;,&quot;title&quot;:&quot;&quot;,&quot;orientation&quot;:&quot;0&quot;}\" data-image-title=\"blason_crossac\" data-image-description=\"\" data-image-caption=\"\" data-large-file=\"https:\/\/i0.wp.com\/voyager3.com\/wp-content\/uploads\/2015\/02\/blason_crossac.png?fit=136%2C150&amp;ssl=1\" class=\"alignnone wp-image-505\" src=\"https:\/\/i0.wp.com\/voyager3.com\/wp-content\/uploads\/2015\/02\/blason_crossac.png?resize=114%2C126&#038;ssl=1\" alt=\"blason_crossac\" width=\"114\" height=\"126\" \/><\/a><a href=\"https:\/\/i0.wp.com\/voyager3.com\/wp-content\/uploads\/2015\/02\/blason_saint-gildas-des-bois.png?ssl=1\"><img data-recalc-dims=\"1\" loading=\"lazy\" decoding=\"async\" data-attachment-id=\"506\" data-permalink=\"https:\/\/voyager3.com\/?attachment_id=506\" data-orig-file=\"https:\/\/i0.wp.com\/voyager3.com\/wp-content\/uploads\/2015\/02\/blason_saint-gildas-des-bois.png?fit=136%2C150&amp;ssl=1\" data-orig-size=\"136,150\" data-comments-opened=\"0\" data-image-meta=\"{&quot;aperture&quot;:&quot;0&quot;,&quot;credit&quot;:&quot;&quot;,&quot;camera&quot;:&quot;&quot;,&quot;caption&quot;:&quot;&quot;,&quot;created_timestamp&quot;:&quot;0&quot;,&quot;copyright&quot;:&quot;&quot;,&quot;focal_length&quot;:&quot;0&quot;,&quot;iso&quot;:&quot;0&quot;,&quot;shutter_speed&quot;:&quot;0&quot;,&quot;title&quot;:&quot;&quot;,&quot;orientation&quot;:&quot;0&quot;}\" data-image-title=\"blason_saint-gildas-des-bois\" data-image-description=\"\" data-image-caption=\"\" data-large-file=\"https:\/\/i0.wp.com\/voyager3.com\/wp-content\/uploads\/2015\/02\/blason_saint-gildas-des-bois.png?fit=136%2C150&amp;ssl=1\" class=\"alignnone wp-image-506\" src=\"https:\/\/i0.wp.com\/voyager3.com\/wp-content\/uploads\/2015\/02\/blason_saint-gildas-des-bois.png?resize=113%2C125&#038;ssl=1\" alt=\"blason_saint-gildas-des-bois\" width=\"113\" height=\"125\" \/><\/a><a href=\"https:\/\/i0.wp.com\/voyager3.com\/wp-content\/uploads\/2015\/03\/Missillac.jpg?ssl=1\"><img data-recalc-dims=\"1\" loading=\"lazy\" decoding=\"async\" data-attachment-id=\"544\" data-permalink=\"https:\/\/voyager3.com\/?attachment_id=544\" data-orig-file=\"https:\/\/i0.wp.com\/voyager3.com\/wp-content\/uploads\/2015\/03\/Missillac.jpg?fit=563%2C318&amp;ssl=1\" data-orig-size=\"563,318\" data-comments-opened=\"0\" data-image-meta=\"{&quot;aperture&quot;:&quot;0&quot;,&quot;credit&quot;:&quot;&quot;,&quot;camera&quot;:&quot;&quot;,&quot;caption&quot;:&quot;&quot;,&quot;created_timestamp&quot;:&quot;0&quot;,&quot;copyright&quot;:&quot;&quot;,&quot;focal_length&quot;:&quot;0&quot;,&quot;iso&quot;:&quot;0&quot;,&quot;shutter_speed&quot;:&quot;0&quot;,&quot;title&quot;:&quot;&quot;,&quot;orientation&quot;:&quot;0&quot;}\" data-image-title=\"Missillac\" data-image-description=\"\" data-image-caption=\"\" data-large-file=\"https:\/\/i0.wp.com\/voyager3.com\/wp-content\/uploads\/2015\/03\/Missillac.jpg?fit=563%2C318&amp;ssl=1\" class=\"alignnone wp-image-544\" src=\"https:\/\/i0.wp.com\/voyager3.com\/wp-content\/uploads\/2015\/03\/Missillac.jpg?resize=215%2C121&#038;ssl=1\" alt=\"Missillac\" width=\"215\" height=\"121\" \/><\/a><a href=\"https:\/\/i0.wp.com\/voyager3.com\/wp-content\/uploads\/2015\/02\/cg44.png?ssl=1\"><img data-recalc-dims=\"1\" loading=\"lazy\" decoding=\"async\" data-attachment-id=\"507\" data-permalink=\"https:\/\/voyager3.com\/?attachment_id=507\" data-orig-file=\"https:\/\/i0.wp.com\/voyager3.com\/wp-content\/uploads\/2015\/02\/cg44.png?fit=233%2C120&amp;ssl=1\" data-orig-size=\"233,120\" data-comments-opened=\"0\" data-image-meta=\"{&quot;aperture&quot;:&quot;0&quot;,&quot;credit&quot;:&quot;&quot;,&quot;camera&quot;:&quot;&quot;,&quot;caption&quot;:&quot;&quot;,&quot;created_timestamp&quot;:&quot;0&quot;,&quot;copyright&quot;:&quot;&quot;,&quot;focal_length&quot;:&quot;0&quot;,&quot;iso&quot;:&quot;0&quot;,&quot;shutter_speed&quot;:&quot;0&quot;,&quot;title&quot;:&quot;&quot;,&quot;orientation&quot;:&quot;0&quot;}\" data-image-title=\"cg44\" data-image-description=\"\" data-image-caption=\"\" data-large-file=\"https:\/\/i0.wp.com\/voyager3.com\/wp-content\/uploads\/2015\/02\/cg44.png?fit=233%2C120&amp;ssl=1\" class=\"alignnone wp-image-507\" src=\"https:\/\/i0.wp.com\/voyager3.com\/wp-content\/uploads\/2015\/02\/cg44.png?resize=211%2C109&#038;ssl=1\" alt=\"cg44\" width=\"211\" height=\"109\" \/><\/a><\/p>\n","protected":false},"excerpt":{"rendered":"<p>D\u00e9couverte ludique du Syst\u00e8me Solaire Voyage au fil des plan\u00e8tes &#8211;\u00a0Making of\u00a0&#8211; Plaquette\u00a0PDF Qui n&rsquo;a jamais r\u00eav\u00e9 de visiter ces mondes lointains ? De voyager de plan\u00e8te en plan\u00e8te ! A l&rsquo;occasion de l&rsquo;Ann\u00e9e Mondiale de l&rsquo;Astronomie, notre association a mis en place une maquette r\u00e9aliste permettant d&rsquo;effectuer un tel voyage&#8230; Tout en restant confortablement [&hellip;]<\/p>\n","protected":false},"author":1,"featured_media":0,"parent":0,"menu_order":4,"comment_status":"closed","ping_status":"closed","template":"","meta":{"_exactmetrics_skip_tracking":false,"_exactmetrics_sitenote_active":false,"_exactmetrics_sitenote_note":"","_exactmetrics_sitenote_category":0,"jetpack_post_was_ever_published":false,"footnotes":""},"class_list":["post-87","page","type-page","status-publish","hentry"],"jetpack_sharing_enabled":true,"jetpack_shortlink":"https:\/\/wp.me\/P6Vaq2-1p","jetpack_likes_enabled":true,"_links":{"self":[{"href":"https:\/\/voyager3.com\/index.php?rest_route=\/wp\/v2\/pages\/87","targetHints":{"allow":["GET"]}}],"collection":[{"href":"https:\/\/voyager3.com\/index.php?rest_route=\/wp\/v2\/pages"}],"about":[{"href":"https:\/\/voyager3.com\/index.php?rest_route=\/wp\/v2\/types\/page"}],"author":[{"embeddable":true,"href":"https:\/\/voyager3.com\/index.php?rest_route=\/wp\/v2\/users\/1"}],"replies":[{"embeddable":true,"href":"https:\/\/voyager3.com\/index.php?rest_route=%2Fwp%2Fv2%2Fcomments&post=87"}],"version-history":[{"count":99,"href":"https:\/\/voyager3.com\/index.php?rest_route=\/wp\/v2\/pages\/87\/revisions"}],"predecessor-version":[{"id":2818,"href":"https:\/\/voyager3.com\/index.php?rest_route=\/wp\/v2\/pages\/87\/revisions\/2818"}],"wp:attachment":[{"href":"https:\/\/voyager3.com\/index.php?rest_route=%2Fwp%2Fv2%2Fmedia&parent=87"}],"curies":[{"name":"wp","href":"https:\/\/api.w.org\/{rel}","templated":true}]}}