{"id":2117,"date":"2017-06-15T22:51:42","date_gmt":"2017-06-15T20:51:42","guid":{"rendered":"http:\/\/voyager3.com\/?page_id=2117"},"modified":"2025-07-03T18:55:42","modified_gmt":"2025-07-03T16:55:42","slug":"nuit-des-etoiles-2017","status":"publish","type":"page","link":"https:\/\/voyager3.com\/?page_id=2117","title":{"rendered":"Nuit des Etoiles 2017"},"content":{"rendered":"<h2 class=\"hero__subtitle\" style=\"text-align: center;\"><img data-recalc-dims=\"1\" loading=\"lazy\" decoding=\"async\" data-attachment-id=\"2119\" data-permalink=\"https:\/\/voyager3.com\/?attachment_id=2119\" data-orig-file=\"https:\/\/i0.wp.com\/voyager3.com\/wp-content\/uploads\/2017\/06\/Header_NDE-5939.jpeg?fit=1200%2C400&amp;ssl=1\" data-orig-size=\"1200,400\" data-comments-opened=\"0\" data-image-meta=\"{&quot;aperture&quot;:&quot;0&quot;,&quot;credit&quot;:&quot;&quot;,&quot;camera&quot;:&quot;&quot;,&quot;caption&quot;:&quot;&quot;,&quot;created_timestamp&quot;:&quot;0&quot;,&quot;copyright&quot;:&quot;&quot;,&quot;focal_length&quot;:&quot;0&quot;,&quot;iso&quot;:&quot;0&quot;,&quot;shutter_speed&quot;:&quot;0&quot;,&quot;title&quot;:&quot;&quot;,&quot;orientation&quot;:&quot;1&quot;}\" data-image-title=\"Header_NDE-5939\" data-image-description=\"\" data-image-caption=\"\" data-large-file=\"https:\/\/i0.wp.com\/voyager3.com\/wp-content\/uploads\/2017\/06\/Header_NDE-5939.jpeg?fit=648%2C216&amp;ssl=1\" class=\"aligncenter wp-image-2119 size-large\" src=\"https:\/\/i0.wp.com\/voyager3.com\/wp-content\/uploads\/2017\/06\/Header_NDE-5939.jpeg?resize=648%2C216&#038;ssl=1\" alt=\"\" width=\"648\" height=\"216\" srcset=\"https:\/\/i0.wp.com\/voyager3.com\/wp-content\/uploads\/2017\/06\/Header_NDE-5939.jpeg?resize=1024%2C341&amp;ssl=1 1024w, https:\/\/i0.wp.com\/voyager3.com\/wp-content\/uploads\/2017\/06\/Header_NDE-5939.jpeg?resize=300%2C100&amp;ssl=1 300w, https:\/\/i0.wp.com\/voyager3.com\/wp-content\/uploads\/2017\/06\/Header_NDE-5939.jpeg?resize=768%2C256&amp;ssl=1 768w, https:\/\/i0.wp.com\/voyager3.com\/wp-content\/uploads\/2017\/06\/Header_NDE-5939.jpeg?resize=1025%2C342&amp;ssl=1 1025w, https:\/\/i0.wp.com\/voyager3.com\/wp-content\/uploads\/2017\/06\/Header_NDE-5939.jpeg?w=1200&amp;ssl=1 1200w\" sizes=\"auto, (max-width: 648px) 100vw, 648px\" \/><span style=\"font-size: 2rem;\">Terres habitables<\/span><\/h2>\n<table  class=\" table table-hover\" >\n<tbody>\n<tr>\n<td><a href=\"https:\/\/i0.wp.com\/voyager3.com\/wp-content\/uploads\/2017\/06\/Affiche-NDE-2017.jpg?ssl=1\"><img data-recalc-dims=\"1\" loading=\"lazy\" decoding=\"async\" data-attachment-id=\"2122\" data-permalink=\"https:\/\/voyager3.com\/?attachment_id=2122\" data-orig-file=\"https:\/\/i0.wp.com\/voyager3.com\/wp-content\/uploads\/2017\/06\/Affiche-NDE-2017.jpg?fit=1240%2C1754&amp;ssl=1\" data-orig-size=\"1240,1754\" data-comments-opened=\"0\" data-image-meta=\"{&quot;aperture&quot;:&quot;0&quot;,&quot;credit&quot;:&quot;&quot;,&quot;camera&quot;:&quot;&quot;,&quot;caption&quot;:&quot;&quot;,&quot;created_timestamp&quot;:&quot;0&quot;,&quot;copyright&quot;:&quot;&quot;,&quot;focal_length&quot;:&quot;0&quot;,&quot;iso&quot;:&quot;0&quot;,&quot;shutter_speed&quot;:&quot;0&quot;,&quot;title&quot;:&quot;&quot;,&quot;orientation&quot;:&quot;0&quot;}\" data-image-title=\"Affiche NDE 2017\" data-image-description=\"&lt;p&gt;Affiche Nuit des Etoiles 2017&lt;\/p&gt;\n\" data-image-caption=\"\" data-large-file=\"https:\/\/i0.wp.com\/voyager3.com\/wp-content\/uploads\/2017\/06\/Affiche-NDE-2017.jpg?fit=648%2C917&amp;ssl=1\" class=\"alignleft wp-image-2122\" src=\"https:\/\/i0.wp.com\/voyager3.com\/wp-content\/uploads\/2017\/06\/Affiche-NDE-2017.jpg?resize=250%2C354&#038;ssl=1\" alt=\"Affiche Nuit des Etoiles 2017 S\u00e9v\u00e9rac\" width=\"250\" height=\"354\" srcset=\"https:\/\/i0.wp.com\/voyager3.com\/wp-content\/uploads\/2017\/06\/Affiche-NDE-2017.jpg?resize=724%2C1024&amp;ssl=1 724w, https:\/\/i0.wp.com\/voyager3.com\/wp-content\/uploads\/2017\/06\/Affiche-NDE-2017.jpg?resize=212%2C300&amp;ssl=1 212w, https:\/\/i0.wp.com\/voyager3.com\/wp-content\/uploads\/2017\/06\/Affiche-NDE-2017.jpg?resize=768%2C1086&amp;ssl=1 768w, https:\/\/i0.wp.com\/voyager3.com\/wp-content\/uploads\/2017\/06\/Affiche-NDE-2017.jpg?resize=353%2C500&amp;ssl=1 353w, https:\/\/i0.wp.com\/voyager3.com\/wp-content\/uploads\/2017\/06\/Affiche-NDE-2017.jpg?w=1240&amp;ssl=1 1240w\" sizes=\"auto, (max-width: 250px) 100vw, 250px\" \/><\/a><\/p>\n<p style=\"text-align: center;\">Samedi 29 juillet 2017 \u00e0 partir de 17h00<\/p>\n<div style=\"text-align: center;\">\n<p>Observatoire Bretagne Atlantique<br \/>\n44530 S\u00e9v\u00e9rac<br \/>\nEntr\u00e9e gratuite<\/p>\n<\/div>\n<p style=\"text-align: center;\">Pour plus d&rsquo;informations sur cette manifestation nationale, rendez-vous sur le <a title=\"Site national officiel.\" href=\"https:\/\/www.afastronomie.fr\/les-nuits-des-etoiles\" target=\"_blank\" rel=\"noopener\">site officiel<\/a>.<\/p>\n<p style=\"text-align: center;\"><span style=\"font-size: 12pt;\"><b>Suivez-nous en direct sur les r\u00e9seaux sociaux :<br \/>\n<a href=\"https:\/\/twitter.com\/VOYAGER_3_Astro\" target=\"blank\">Twitter<\/a>, <a href=\"https:\/\/www.facebook.com\/V3A.OBA\" target=\"blank\">Facebook<\/a>, <a href=\"https:\/\/plus.google.com\/u\/0\/+Voyager3astro\" target=\"blank\">Google+<br \/>\n<\/a><\/b>#NDE2017<\/span><\/p>\n<p style=\"text-align: center;\"><span style=\"font-size: 12pt;\">Partenaires :<\/span><br \/>\n<span style=\"font-size: 12pt;\"> <a href=\"http:\/\/www.afanet.fr\/\" target=\"_blank\" rel=\"noopener\">AFA<\/a>\u00a0; <a href=\"http:\/\/www.cieletespace.fr\">Ciel &amp; Espace<\/a> ; <a href=\"http:\/\/www.cnes.fr\/web\/CNES-fr\/11305-rosetta-rendez-vous-avec-la-comete-churyumov-gerasimenko.php\" target=\"_blank\" rel=\"noopener\">CNES<br \/>\n<\/a><a href=\"http:\/\/www.astrium.eads.net\/\" target=\"_blank\" rel=\"noopener\">Airbus Defence &amp; Space<\/a> ; <a href=\"http:\/\/www.cea.fr\/\" target=\"_blank\" rel=\"noopener\">CEA<\/a> ; \u00a0Minist\u00e8re de la transition \u00e9cologique et solidaire<br \/>\n<\/span><span style=\"font-size: 12pt;\">Minist\u00e8re de l&rsquo;enseignement sup\u00e9rieur, de la recherche et de l&rsquo;innovation<\/span><br \/>\n<span style=\"font-size: 12pt;\"> <a href=\"http:\/\/www.mairie-severac.fr\/\" target=\"_blank\" rel=\"noopener\">Commune de S\u00e9v\u00e9rac<\/a> ; <a href=\"http:\/\/www.tourismesaintgildasdesbois.fr\/\" target=\"_blank\" rel=\"noopener\">Office de tourisme de Pontch\u00e2teau Saint-Gildas-des-Bois<\/a><\/span><\/p>\n<\/td>\n<\/tr>\n<\/tbody>\n<\/table>\n<p>Comme tous les ans, <b>VOYAGER 3 Astronomie<\/b> vous invite \u00e0 retrouver ses animateurs pour f\u00eater les \u00e9toiles.<\/p>\n<p>Pour la 27\u00e8me \u00e9dition de cette grande f\u00eate du ciel nationale (la 25\u00e8me \u00e0 S\u00e9v\u00e9rac), nous vous attendons \u00e0 l&rsquo;Observatoire Bretagne Atlantique pour \u00e9voquer les autres lieux de l&rsquo;univers pouvant abriter la vie ou \u00eatre habit\u00e9s par l&rsquo;Homme.<br \/>\nRetrouvez-nous autour de stands, d&rsquo;\u00e9changes avec nos membres, de mini expos\u00e9s, guid\u00e9s par nos animateurs si vous le souhaitez. Et toujours priorit\u00e9 \u00e0 l&rsquo;observation, r\u00e9elle ou virtuelle, en fonction de la m\u00e9t\u00e9o&#8230;<\/p>\n<p><span style=\"color: #0099ff; font-family: 'Times New Roman', Times, serif; font-size: large;\"><b style=\"background-color: transparent; font-size: 20px; color: #656565; font-family: 'Droid Serif', Lora, Georgia, serif;\">17h00 :<\/b><span style=\"font-size: 20px; color: #656565; font-family: 'Droid Serif', Lora, Georgia, serif;\"> parcours guid\u00e9 au travers des expositions, ateliers, maquettes, d\u00e9monstrations et observations par les membres de VOYAGER 3 Astronomie :<\/span><\/span><\/p>\n<ul>\n<li><a href=\"https:\/\/i0.wp.com\/voyager3.com\/wp-content\/uploads\/2016\/07\/6cd366_c33cfeac5fa64bac9476cdf3b44ee0ee.png?ssl=1\"><img data-recalc-dims=\"1\" loading=\"lazy\" decoding=\"async\" data-attachment-id=\"2070\" data-permalink=\"https:\/\/voyager3.com\/?attachment_id=2070\" data-orig-file=\"https:\/\/i0.wp.com\/voyager3.com\/wp-content\/uploads\/2016\/07\/6cd366_c33cfeac5fa64bac9476cdf3b44ee0ee.png?fit=235%2C122&amp;ssl=1\" data-orig-size=\"235,122\" data-comments-opened=\"0\" data-image-meta=\"{&quot;aperture&quot;:&quot;0&quot;,&quot;credit&quot;:&quot;&quot;,&quot;camera&quot;:&quot;&quot;,&quot;caption&quot;:&quot;&quot;,&quot;created_timestamp&quot;:&quot;0&quot;,&quot;copyright&quot;:&quot;&quot;,&quot;focal_length&quot;:&quot;0&quot;,&quot;iso&quot;:&quot;0&quot;,&quot;shutter_speed&quot;:&quot;0&quot;,&quot;title&quot;:&quot;&quot;,&quot;orientation&quot;:&quot;0&quot;}\" data-image-title=\"6cd366_c33cfeac5fa64bac9476cdf3b44ee0ee\" data-image-description=\"\" data-image-caption=\"\" data-large-file=\"https:\/\/i0.wp.com\/voyager3.com\/wp-content\/uploads\/2016\/07\/6cd366_c33cfeac5fa64bac9476cdf3b44ee0ee.png?fit=235%2C122&amp;ssl=1\" class=\"wp-image-2070 alignright\" src=\"https:\/\/i0.wp.com\/voyager3.com\/wp-content\/uploads\/2016\/07\/6cd366_c33cfeac5fa64bac9476cdf3b44ee0ee.png?resize=134%2C67&#038;ssl=1\" alt=\"6cd366_c33cfeac5fa64bac9476cdf3b44ee0ee\" width=\"134\" height=\"67\" \/><\/a>\n<ul>\n<li><a href=\"http:\/\/www.lpainformations.com\/\" target=\"_blank\" rel=\"noopener\"><b>Le plan\u00e9tarium du Laboratoire P\u00e9dagogique d&rsquo;Astronomie<\/b><\/a><b><\/b><b><\/b><\/li>\n<li>Pr\u00e9sentation de l&rsquo;association VOYAGER 3 Astronomie<\/li>\n<li>L&rsquo;OBA : Observatoire Bretagne Atlantique<\/li>\n<li>Le t\u00e9lescope de 430mm de diam\u00e8tre (T430)<\/li>\n<li>L&rsquo;observateur d\u00e9butant<\/li>\n<li>Protection de l&rsquo;environnement nocturne et \u00e9conomies d&rsquo;\u00e9nergie<\/li>\n<li>La Lune<\/li>\n<li>On a march\u00e9 sur la Lune<\/li>\n<li>Voyage au fil des plan\u00e8tes<\/li>\n<li>La vie des \u00e9toiles<\/li>\n<li>Les galaxies<\/li>\n<li>Observations du Soleil (t\u00e9lescopes et lunettes \u00e9quip\u00e9s sp\u00e9cialement, coronographes&#8230;) et de la Lune<\/li>\n<li>Fus\u00e9es \u00e0 eau<\/li>\n<\/ul>\n<\/li>\n<li><b>19h00-20h00 :<\/b> Pique-nique, restauration disponible sur place.<\/li>\n<li><b>23H45 :<\/b> \u00ab\u00a0Les oreilles dans les \u00e9toiles\u00a0\u00bb, promenade sur la vo\u00fbte c\u00e9leste (en ext\u00e9rieur) cont\u00e9e par S\u00e9bastien Poirier, docteur en astrophysique et pr\u00e9sident de VOYAGER 3 Astronomie, accompagn\u00e9 par les animateurs parmi les spectateurs.<\/li>\n<li><span style=\"font-size: small;\"><b>Mais aussi&#8230;<\/b><\/span>\n<ul>\n<li>D\u00e8s la tomb\u00e9e de la nuit, \u00e9merveillez-vous devant galaxies et n\u00e9buleuses jusqu&rsquo;au bout de la nuit gr\u00e2ce aux t\u00e9lescopes mis \u00e0 votre disposition, dont le t\u00e9lescope de 430 mm enti\u00e8rement informatis\u00e9 sous la coupole.<\/li>\n<li>D\u00e9salt\u00e9rez-vous et restaurez-vous \u00e0 l&rsquo;astrobar sp\u00e9cialement mis en place pour l&rsquo;occasion.<\/li>\n<\/ul>\n<\/li>\n<\/ul>\n<p><b>Une trentaine d&rsquo;animateurs et b\u00e9n\u00e9voles pour vous faire (re)d\u00e9couvrir les merveilles de l&rsquo;Univers, avec plus d&rsquo;une vingtaine d&rsquo;instruments allant de la lunette de 60 mm au t\u00e9lescope de 430 mm.<\/b><\/p>\n<p align=\"center\"><b>Entr\u00e9e libre<\/b><br \/>\n<i>(Pas de r\u00e9servation possible, pas d&rsquo;accompagnement sp\u00e9cifique pour les groupes :<br \/>\nconsultez notre <a href=\"https:\/\/voyager3.com\/wp-content\/uploads\/2015\/06\/V3A_dossier_animation_2013.pdf\">dossier d&rsquo;animations<\/a> pour convenir d&rsquo;une prestation \u00e0 une autre date)<\/i><\/p>\n<p align=\"center\">Pour plus de renseignements : 02 40 15 58 86, 06 52 68 20 79 ou <a href=\"mailto:info@voyager3.com\">info@voyager3.com<\/a><\/p>\n","protected":false},"excerpt":{"rendered":"<p>Terres habitables Samedi 29 juillet 2017 \u00e0 partir de 17h00 Observatoire Bretagne Atlantique 44530 S\u00e9v\u00e9rac Entr\u00e9e gratuite Pour plus d&rsquo;informations sur cette manifestation nationale, rendez-vous sur le site officiel. Suivez-nous en direct sur les r\u00e9seaux sociaux : Twitter, Facebook, Google+ #NDE2017 Partenaires : AFA\u00a0; Ciel &amp; Espace ; CNES Airbus Defence &amp; Space ; CEA [&hellip;]<\/p>\n","protected":false},"author":8,"featured_media":0,"parent":285,"menu_order":2017,"comment_status":"closed","ping_status":"closed","template":"","meta":{"_exactmetrics_skip_tracking":false,"_exactmetrics_sitenote_active":false,"_exactmetrics_sitenote_note":"","_exactmetrics_sitenote_category":0,"jetpack_post_was_ever_published":false,"footnotes":""},"class_list":["post-2117","page","type-page","status-publish","hentry"],"jetpack_sharing_enabled":true,"jetpack_shortlink":"https:\/\/wp.me\/P6Vaq2-y9","jetpack_likes_enabled":true,"_links":{"self":[{"href":"https:\/\/voyager3.com\/index.php?rest_route=\/wp\/v2\/pages\/2117","targetHints":{"allow":["GET"]}}],"collection":[{"href":"https:\/\/voyager3.com\/index.php?rest_route=\/wp\/v2\/pages"}],"about":[{"href":"https:\/\/voyager3.com\/index.php?rest_route=\/wp\/v2\/types\/page"}],"author":[{"embeddable":true,"href":"https:\/\/voyager3.com\/index.php?rest_route=\/wp\/v2\/users\/8"}],"replies":[{"embeddable":true,"href":"https:\/\/voyager3.com\/index.php?rest_route=%2Fwp%2Fv2%2Fcomments&post=2117"}],"version-history":[{"count":6,"href":"https:\/\/voyager3.com\/index.php?rest_route=\/wp\/v2\/pages\/2117\/revisions"}],"predecessor-version":[{"id":2125,"href":"https:\/\/voyager3.com\/index.php?rest_route=\/wp\/v2\/pages\/2117\/revisions\/2125"}],"up":[{"embeddable":true,"href":"https:\/\/voyager3.com\/index.php?rest_route=\/wp\/v2\/pages\/285"}],"wp:attachment":[{"href":"https:\/\/voyager3.com\/index.php?rest_route=%2Fwp%2Fv2%2Fmedia&parent=2117"}],"curies":[{"name":"wp","href":"https:\/\/api.w.org\/{rel}","templated":true}]}}